{"id":1689,"date":"2025-06-17T11:19:04","date_gmt":"2025-06-17T09:19:04","guid":{"rendered":"http:\/\/www.ihr-ferienpartner.de\/mobil\/?page_id=1689"},"modified":"2025-06-17T11:19:45","modified_gmt":"2025-06-17T09:19:45","slug":"weihnachtsferien-ab-basel","status":"publish","type":"page","link":"https:\/\/www.ihr-ferienpartner.de\/mobil\/weihnachtsferien-ab-basel\/","title":{"rendered":"Weihnachtsferien 2025\/2026 &#8211; ab BaW\u00fc-Flughafen, z.B. ab Basel, Baden-Baden &amp; Stuttgart"},"content":{"rendered":"<div style=\"background-color: #ffffff; padding: 20px 20px 20px 20px;\">\n<h1>Weihnachtsferien 2025\/2026 &#8211;  ab BaW\u00fc-Flughafen, z.B. ab Basel, Baden-Baden &#038; Stuttgart<\/h1>\n<hr>\n<div style=\"background-color: #e1eaed; padding: 5px 10px 10px 10px;\">\n<strong>Nutzen Sie die Weihnachtsferien (Sa. 20.12.25 &#8211; Die. 06.01.26 f\u00fcr Baden-W\u00fcrttemberg) um Energie zu tanken!<\/strong> Es locken unter anderem &#8222;Karibiktr\u00e4ume statt Weihnachtsb\u00e4ume&#8220; oder die milden Temperaturen der Kanaren.\n<\/div>\n<hr>\n<p><a href=\"https:\/\/www.ihr-ferienpartner.de\/mobil\/dl-pauschal2\/?departures=BSL,FKB,MLH,STR&amp;from=20.12.2025&amp;to=06.01.2026&amp;duration=7-7&amp;minRecommrate=70\" title=\"Weihnachtsferien ab Basel oder Karlsruhe-Baden\"><strong>Hier geht es zu allen verf\u00fcgbaren Reisezielen, mit:<\/strong><\/a><br \/>\n&#8211; 1 Woche in den Weihnachtsferien<br \/>\n&#8211; ab BaW\u00fc-Flughafen, z.B. ab Basel, Baden-Baden &#038; Stuttgart<br \/>\n&#8211; Unterk\u00fcnften mit mind. 70% Weiterempfehlungsrate<br \/>\n<strong><a href=\"https:\/\/www.ihr-ferienpartner.de\/mobil\/dl-pauschal2\/?departures=BSL,FKB,MLH,STR&amp;from=20.12.2025&amp;to=06.01.2026&amp;duration=7-7&amp;minRecommrate=70\" title=\"Weihnachtsferien ab Basel oder Karlsruhe-Baden\">zu den Angeboten &gt;&gt;<\/a><\/strong><\/p>\n<hr>\n<p><a href=\"https:\/\/www.ihr-ferienpartner.de\/mobil\/fuerteventura\/?departures=BSL,FKB,MLH,STR&amp;from=20.12.2025&amp;to=06.01.2026&amp;duration=7-7&amp;minRecommrate=80\" title=\"Fuerteventura Weihnachtsferien\"><strong>Fuerteventura &gt;&gt;<\/strong><br \/>\n<img loading=\"lazy\" decoding=\"async\" src=\"https:\/\/www.ihr-ferienpartner.de\/Angebot\/Fuerteventura.jpg\" alt=\"Fuerteventura Weihnachtsferien\" width=\"886\" height=\"147\"><\/a><\/p>\n<hr>\n<p><a href=\"https:\/\/www.ihr-ferienpartner.de\/mobil\/gran-canaria\/?departures=BSL,FKB,MLH,STR&amp;from=20.12.2025&amp;to=06.01.2026&amp;duration=7-7&amp;minRecommrate=80\" title=\"Gran Canaria Weihnachtsferien\"><strong>Gran Canaria &gt;&gt;<\/strong><br \/>\n<img loading=\"lazy\" decoding=\"async\" src=\"https:\/\/www.ihr-ferienpartner.de\/Angebot\/GranCanaria.jpg\" alt=\"Gran Canaria Weihnachtsferien\" width=\"886\" height=\"147\"><\/a><\/p>\n<hr>\n<p><a href=\"https:\/\/www.ihr-ferienpartner.de\/mobil\/teneriffa\/?departures=BSL,FKB,MLH,STR&amp;from=20.12.2025&amp;to=06.01.2026&amp;duration=7-7&amp;minRecommrate=80\" title=\"Tenerffa Weihnachtsferien\"><strong>Teneriffa &gt;&gt;<\/strong><br \/>\n<img loading=\"lazy\" decoding=\"async\" src=\"https:\/\/www.ihr-ferienpartner.de\/Angebot\/Teneriffa.jpg\" alt=\"Teneriffa Weihnachtsferien\" width=\"886\" height=\"147\"><\/a><\/p>\n<hr>\n<p><a href=\"https:\/\/www.ihr-ferienpartner.de\/mobil\/dominikanische-republik\/?departures=BSL,FKB,MLH,STR&amp;from=20.12.2025&amp;to=06.01.2026&amp;duration=7-7&amp;minRecommrate=70\" title=\"DomRep Weihnachtsferien\"><strong>Dominikanische Republik &gt;&gt;<\/strong><br \/>\n<img loading=\"lazy\" decoding=\"async\" src=\"https:\/\/www.ihr-ferienpartner.de\/Angebot\/DomRep.jpg\" alt=\"DomRep Weihnachtsferien\" width=\"886\" height=\"147\"><\/a><\/p>\n<hr>\n<p><a href=\"https:\/\/www.ihr-ferienpartner.de\/mobil\/kuba\/?departures=BSL,FKB,MLH,STR&amp;from=20.12.2025&amp;to=06.01.2026&amp;duration=7-7&amp;minRecommrate=70\" title=\"Kuba Weihnachtsferien\"><strong>Kuba &gt;&gt;<\/strong><br \/>\n<img loading=\"lazy\" decoding=\"async\" src=\"https:\/\/www.ihr-ferienpartner.de\/Angebot\/Kuba.jpg\" alt=\"Kuba Weihnachtsferien\" width=\"886\" height=\"147\"><\/a><\/p>\n<hr>\n<p><a href=\"https:\/\/www.ihr-ferienpartner.de\/mobil\/mexiko\/?departures=BSL,FKB,MLH,STR&amp;from=20.12.2025&amp;to=06.01.2026&amp;duration=7-7&amp;minRecommrate=70\" title=\"Mexiko Weihnachtsferien\"><strong>Mexiko &gt;&gt;<\/strong><br \/>\n<img loading=\"lazy\" decoding=\"async\" src=\"https:\/\/www.ihr-ferienpartner.de\/Angebot\/Mexiko.jpg\" alt=\"Mexiko Weihnachtsferien\" width=\"886\" height=\"147\"><\/a><\/p>\n<hr>\n<p><a href=\"https:\/\/www.ihr-ferienpartner.de\/mobil\/dubai\/?departures=BSL,FKB,MLH,STR&amp;from=20.12.2025&amp;to=06.01.2026&amp;duration=7-7&amp;minRecommrate=80\" title=\"Dubai Weihnachtsferien\"><strong>Dubai &gt;&gt;<\/strong><br \/>\n<img loading=\"lazy\" decoding=\"async\" src=\"https:\/\/www.ihr-ferienpartner.de\/Angebot\/Dubai.jpg\" alt=\"Dubai Weihnachtsferien\" width=\"886\" height=\"147\"><\/a><\/p>\n<hr>\n<p><strong><a href=\"https:\/\/www.ihr-ferienpartner.de\/mobil\/dl-pauschal2\/?departures=BSL,FKB,MLH,STR&amp;from=20.12.2025&amp;to=06.01.2026&amp;duration=7-7&amp;minRecommrate=70\" title=\"Weihnachtsferien ab Basel oder Karlsruhe-Baden\">alle Regionen &amp; Hotels mit Verf\u00fcgbarkeiten ab Euroairport Basel-Mulhouse, Stuttgart oder Karlsruhe-Baden &gt;&gt;<\/a><\/strong><\/p>\n<hr>\n<p><img decoding=\"async\" src=\"https:\/\/www.ihr-ferienpartner.de\/Reisen\/Schulferien3.jpg\" alt=\"Weihnachtsferien - ab BaW\u00fc-Flughafen, z.B. ab Basel, Baden-Baden &#038; Stuttgart\"><\/p>\n<\/div>\n","protected":false},"excerpt":{"rendered":"<p>Weihnachtsferien 2025\/2026 &#8211; ab BaW\u00fc-Flughafen, z.B. ab Basel, Baden-Baden &#038; Stuttgart Nutzen Sie die Weihnachtsferien (Sa. 20.12.25 &#8211; Die. 06.01.26 f\u00fcr Baden-W\u00fcrttemberg) um Energie zu tanken! Es locken unter anderem &#8222;Karibiktr\u00e4ume statt Weihnachtsb\u00e4ume&#8220; oder die milden Temperaturen der Kanaren. Hier geht es zu allen verf\u00fcgbaren Reisezielen, mit: &#8211; 1 Woche in den Weihnachtsferien &#8211; ab [&hellip;]<\/p>\n","protected":false},"author":1,"featured_media":0,"parent":0,"menu_order":0,"comment_status":"closed","ping_status":"closed","template":"","meta":{"footnotes":""},"yoast_head":"<!-- This site is optimized with the Yoast SEO plugin v22.8 - https:\/\/yoast.com\/wordpress\/plugins\/seo\/ -->\n<title>Weihnachtsferien 2025\/2026 - Reisen buchen mit Preisvergleich!<\/title>\n<meta name=\"description\" content=\"Urlaub in den Weihnachtsferien, u.a. ab Basel &amp; Karlsruhe-Baden, buchen &amp; sparen durch unabh\u00e4ngigen Anbieter-Preisvergleich.\" \/>\n<meta name=\"robots\" content=\"index, follow, max-snippet:-1, max-image-preview:large, max-video-preview:-1\" \/>\n<link rel=\"canonical\" href=\"https:\/\/www.ihr-ferienpartner.de\/mobil\/weihnachtsferien-ab-basel\/\" \/>\n<meta property=\"og:locale\" content=\"de_DE\" \/>\n<meta property=\"og:type\" content=\"article\" \/>\n<meta property=\"og:title\" content=\"Weihnachtsferien 2025\/2026 - Reisen buchen mit Preisvergleich!\" \/>\n<meta property=\"og:description\" content=\"Urlaub in den Weihnachtsferien, u.a. ab Basel &amp; Karlsruhe-Baden, buchen &amp; sparen durch unabh\u00e4ngigen Anbieter-Preisvergleich.\" \/>\n<meta property=\"og:url\" content=\"https:\/\/www.ihr-ferienpartner.de\/mobil\/weihnachtsferien-ab-basel\/\" \/>\n<meta property=\"og:site_name\" content=\"FINDE DEIN SPONTANIEN - Reisen g\u00fcnstig buchen\" \/>\n<meta property=\"article:modified_time\" content=\"2025-06-17T09:19:45+00:00\" \/>\n<meta property=\"og:image\" content=\"https:\/\/www.ihr-ferienpartner.de\/Angebot\/Fuerteventura.jpg\" \/>\n<meta name=\"twitter:card\" content=\"summary_large_image\" \/>\n<meta name=\"twitter:label1\" content=\"Gesch\u00e4tzte Lesezeit\" \/>\n\t<meta name=\"twitter:data1\" content=\"3\u00a0Minuten\" \/>\n<script type=\"application\/ld+json\" class=\"yoast-schema-graph\">{\"@context\":\"https:\/\/schema.org\",\"@graph\":[{\"@type\":\"WebPage\",\"@id\":\"https:\/\/www.ihr-ferienpartner.de\/mobil\/weihnachtsferien-ab-basel\/\",\"url\":\"https:\/\/www.ihr-ferienpartner.de\/mobil\/weihnachtsferien-ab-basel\/\",\"name\":\"Weihnachtsferien 2025\/2026 - Reisen buchen mit Preisvergleich!\",\"isPartOf\":{\"@id\":\"https:\/\/www.ihr-ferienpartner.de\/mobil\/#website\"},\"primaryImageOfPage\":{\"@id\":\"https:\/\/www.ihr-ferienpartner.de\/mobil\/weihnachtsferien-ab-basel\/#primaryimage\"},\"image\":{\"@id\":\"https:\/\/www.ihr-ferienpartner.de\/mobil\/weihnachtsferien-ab-basel\/#primaryimage\"},\"thumbnailUrl\":\"https:\/\/www.ihr-ferienpartner.de\/Angebot\/Fuerteventura.jpg\",\"datePublished\":\"2025-06-17T09:19:04+00:00\",\"dateModified\":\"2025-06-17T09:19:45+00:00\",\"description\":\"Urlaub in den Weihnachtsferien, u.a. ab Basel & Karlsruhe-Baden, buchen & sparen durch unabh\u00e4ngigen Anbieter-Preisvergleich.\",\"breadcrumb\":{\"@id\":\"https:\/\/www.ihr-ferienpartner.de\/mobil\/weihnachtsferien-ab-basel\/#breadcrumb\"},\"inLanguage\":\"de\",\"potentialAction\":[{\"@type\":\"ReadAction\",\"target\":[\"https:\/\/www.ihr-ferienpartner.de\/mobil\/weihnachtsferien-ab-basel\/\"]}]},{\"@type\":\"ImageObject\",\"inLanguage\":\"de\",\"@id\":\"https:\/\/www.ihr-ferienpartner.de\/mobil\/weihnachtsferien-ab-basel\/#primaryimage\",\"url\":\"https:\/\/www.ihr-ferienpartner.de\/Angebot\/Fuerteventura.jpg\",\"contentUrl\":\"https:\/\/www.ihr-ferienpartner.de\/Angebot\/Fuerteventura.jpg\"},{\"@type\":\"BreadcrumbList\",\"@id\":\"https:\/\/www.ihr-ferienpartner.de\/mobil\/weihnachtsferien-ab-basel\/#breadcrumb\",\"itemListElement\":[{\"@type\":\"ListItem\",\"position\":1,\"name\":\"Startseite\",\"item\":\"https:\/\/www.ihr-ferienpartner.de\/mobil\/\"},{\"@type\":\"ListItem\",\"position\":2,\"name\":\"Weihnachtsferien 2025\/2026 &#8211; ab BaW\u00fc-Flughafen, z.B. ab Basel, Baden-Baden &amp; Stuttgart\"}]},{\"@type\":\"WebSite\",\"@id\":\"https:\/\/www.ihr-ferienpartner.de\/mobil\/#website\",\"url\":\"https:\/\/www.ihr-ferienpartner.de\/mobil\/\",\"name\":\"FINDE DEIN SPONTANIEN - Reisen g\u00fcnstig buchen\",\"description\":\"Flugreisen im Preisvergleich mit flexiblen Terminen &amp; Abflughafen.\",\"publisher\":{\"@id\":\"https:\/\/www.ihr-ferienpartner.de\/mobil\/#organization\"},\"potentialAction\":[{\"@type\":\"SearchAction\",\"target\":{\"@type\":\"EntryPoint\",\"urlTemplate\":\"https:\/\/www.ihr-ferienpartner.de\/mobil\/?s={search_term_string}\"},\"query-input\":\"required name=search_term_string\"}],\"inLanguage\":\"de\"},{\"@type\":\"Organization\",\"@id\":\"https:\/\/www.ihr-ferienpartner.de\/mobil\/#organization\",\"name\":\"FINDE DEIN SPONTANIEN - Reisen g\u00fcnstig buchen\",\"url\":\"https:\/\/www.ihr-ferienpartner.de\/mobil\/\",\"logo\":{\"@type\":\"ImageObject\",\"inLanguage\":\"de\",\"@id\":\"https:\/\/www.ihr-ferienpartner.de\/mobil\/#\/schema\/logo\/image\/\",\"url\":\"https:\/\/www.ihr-ferienpartner.de\/mobil\/wp-content\/uploads\/2019\/10\/spontanien.jpg\",\"contentUrl\":\"https:\/\/www.ihr-ferienpartner.de\/mobil\/wp-content\/uploads\/2019\/10\/spontanien.jpg\",\"width\":818,\"height\":200,\"caption\":\"FINDE DEIN SPONTANIEN - Reisen g\u00fcnstig buchen\"},\"image\":{\"@id\":\"https:\/\/www.ihr-ferienpartner.de\/mobil\/#\/schema\/logo\/image\/\"}}]}<\/script>\n<!-- \/ Yoast SEO plugin. -->","yoast_head_json":{"title":"Weihnachtsferien 2025\/2026 - Reisen buchen mit Preisvergleich!","description":"Urlaub in den Weihnachtsferien, u.a. ab Basel & Karlsruhe-Baden, buchen & sparen durch unabh\u00e4ngigen Anbieter-Preisvergleich.","robots":{"index":"index","follow":"follow","max-snippet":"max-snippet:-1","max-image-preview":"max-image-preview:large","max-video-preview":"max-video-preview:-1"},"canonical":"https:\/\/www.ihr-ferienpartner.de\/mobil\/weihnachtsferien-ab-basel\/","og_locale":"de_DE","og_type":"article","og_title":"Weihnachtsferien 2025\/2026 - Reisen buchen mit Preisvergleich!","og_description":"Urlaub in den Weihnachtsferien, u.a. ab Basel & Karlsruhe-Baden, buchen & sparen durch unabh\u00e4ngigen Anbieter-Preisvergleich.","og_url":"https:\/\/www.ihr-ferienpartner.de\/mobil\/weihnachtsferien-ab-basel\/","og_site_name":"FINDE DEIN SPONTANIEN - Reisen g\u00fcnstig buchen","article_modified_time":"2025-06-17T09:19:45+00:00","og_image":[{"url":"https:\/\/www.ihr-ferienpartner.de\/Angebot\/Fuerteventura.jpg"}],"twitter_card":"summary_large_image","twitter_misc":{"Gesch\u00e4tzte Lesezeit":"3\u00a0Minuten"},"schema":{"@context":"https:\/\/schema.org","@graph":[{"@type":"WebPage","@id":"https:\/\/www.ihr-ferienpartner.de\/mobil\/weihnachtsferien-ab-basel\/","url":"https:\/\/www.ihr-ferienpartner.de\/mobil\/weihnachtsferien-ab-basel\/","name":"Weihnachtsferien 2025\/2026 - Reisen buchen mit Preisvergleich!","isPartOf":{"@id":"https:\/\/www.ihr-ferienpartner.de\/mobil\/#website"},"primaryImageOfPage":{"@id":"https:\/\/www.ihr-ferienpartner.de\/mobil\/weihnachtsferien-ab-basel\/#primaryimage"},"image":{"@id":"https:\/\/www.ihr-ferienpartner.de\/mobil\/weihnachtsferien-ab-basel\/#primaryimage"},"thumbnailUrl":"https:\/\/www.ihr-ferienpartner.de\/Angebot\/Fuerteventura.jpg","datePublished":"2025-06-17T09:19:04+00:00","dateModified":"2025-06-17T09:19:45+00:00","description":"Urlaub in den Weihnachtsferien, u.a. ab Basel & Karlsruhe-Baden, buchen & sparen durch unabh\u00e4ngigen Anbieter-Preisvergleich.","breadcrumb":{"@id":"https:\/\/www.ihr-ferienpartner.de\/mobil\/weihnachtsferien-ab-basel\/#breadcrumb"},"inLanguage":"de","potentialAction":[{"@type":"ReadAction","target":["https:\/\/www.ihr-ferienpartner.de\/mobil\/weihnachtsferien-ab-basel\/"]}]},{"@type":"ImageObject","inLanguage":"de","@id":"https:\/\/www.ihr-ferienpartner.de\/mobil\/weihnachtsferien-ab-basel\/#primaryimage","url":"https:\/\/www.ihr-ferienpartner.de\/Angebot\/Fuerteventura.jpg","contentUrl":"https:\/\/www.ihr-ferienpartner.de\/Angebot\/Fuerteventura.jpg"},{"@type":"BreadcrumbList","@id":"https:\/\/www.ihr-ferienpartner.de\/mobil\/weihnachtsferien-ab-basel\/#breadcrumb","itemListElement":[{"@type":"ListItem","position":1,"name":"Startseite","item":"https:\/\/www.ihr-ferienpartner.de\/mobil\/"},{"@type":"ListItem","position":2,"name":"Weihnachtsferien 2025\/2026 &#8211; ab BaW\u00fc-Flughafen, z.B. ab Basel, Baden-Baden &amp; Stuttgart"}]},{"@type":"WebSite","@id":"https:\/\/www.ihr-ferienpartner.de\/mobil\/#website","url":"https:\/\/www.ihr-ferienpartner.de\/mobil\/","name":"FINDE DEIN SPONTANIEN - Reisen g\u00fcnstig buchen","description":"Flugreisen im Preisvergleich mit flexiblen Terminen &amp; Abflughafen.","publisher":{"@id":"https:\/\/www.ihr-ferienpartner.de\/mobil\/#organization"},"potentialAction":[{"@type":"SearchAction","target":{"@type":"EntryPoint","urlTemplate":"https:\/\/www.ihr-ferienpartner.de\/mobil\/?s={search_term_string}"},"query-input":"required name=search_term_string"}],"inLanguage":"de"},{"@type":"Organization","@id":"https:\/\/www.ihr-ferienpartner.de\/mobil\/#organization","name":"FINDE DEIN SPONTANIEN - Reisen g\u00fcnstig buchen","url":"https:\/\/www.ihr-ferienpartner.de\/mobil\/","logo":{"@type":"ImageObject","inLanguage":"de","@id":"https:\/\/www.ihr-ferienpartner.de\/mobil\/#\/schema\/logo\/image\/","url":"https:\/\/www.ihr-ferienpartner.de\/mobil\/wp-content\/uploads\/2019\/10\/spontanien.jpg","contentUrl":"https:\/\/www.ihr-ferienpartner.de\/mobil\/wp-content\/uploads\/2019\/10\/spontanien.jpg","width":818,"height":200,"caption":"FINDE DEIN SPONTANIEN - Reisen g\u00fcnstig buchen"},"image":{"@id":"https:\/\/www.ihr-ferienpartner.de\/mobil\/#\/schema\/logo\/image\/"}}]}},"_links":{"self":[{"href":"https:\/\/www.ihr-ferienpartner.de\/mobil\/wp-json\/wp\/v2\/pages\/1689"}],"collection":[{"href":"https:\/\/www.ihr-ferienpartner.de\/mobil\/wp-json\/wp\/v2\/pages"}],"about":[{"href":"https:\/\/www.ihr-ferienpartner.de\/mobil\/wp-json\/wp\/v2\/types\/page"}],"author":[{"embeddable":true,"href":"https:\/\/www.ihr-ferienpartner.de\/mobil\/wp-json\/wp\/v2\/users\/1"}],"replies":[{"embeddable":true,"href":"https:\/\/www.ihr-ferienpartner.de\/mobil\/wp-json\/wp\/v2\/comments?post=1689"}],"version-history":[{"count":34,"href":"https:\/\/www.ihr-ferienpartner.de\/mobil\/wp-json\/wp\/v2\/pages\/1689\/revisions"}],"predecessor-version":[{"id":5789,"href":"https:\/\/www.ihr-ferienpartner.de\/mobil\/wp-json\/wp\/v2\/pages\/1689\/revisions\/5789"}],"wp:attachment":[{"href":"https:\/\/www.ihr-ferienpartner.de\/mobil\/wp-json\/wp\/v2\/media?parent=1689"}],"curies":[{"name":"wp","href":"https:\/\/api.w.org\/{rel}","templated":true}]}}