{"id":5602,"date":"2025-09-01T12:58:32","date_gmt":"2025-09-01T10:58:32","guid":{"rendered":"https:\/\/www.ihr-ferienpartner.de\/mobil\/?page_id=5602"},"modified":"2025-09-01T12:59:22","modified_gmt":"2025-09-01T10:59:22","slug":"pfingstferien-ab-bayern","status":"publish","type":"page","link":"https:\/\/www.ihr-ferienpartner.de\/mobil\/pfingstferien-ab-bayern\/","title":{"rendered":"Pfingstferien 2026 &#8211; ab bayerischen Flughafen, z.B. ab M\u00fcnchen &#038; N\u00fcrnberg"},"content":{"rendered":"<div style=\"background-color: #ffffff; padding: 20px 20px 20px 20px;\">\n<h1>Pfingstferien 2026 \u2013 ab Bayern, z.B. ab Flughafen M\u00fcnchen &#038; N\u00fcrnberg<\/h1>\n<hr>\n<div style=\"background-color: #e1eaed; padding: 5px 10px 10px 10px;\">\n<strong>Rund um die Pfingstferien (Sa. 23.05. &#8211; So. 07.06.2026 f\u00fcr Bayern) bieten sich bereits viele L\u00e4nder und Inseln als ideale Reiseziele f\u00fcr einen sch\u00f6nen Urlaub an.<\/strong> Aufgrund der Beliebtheit des Reisetermins r\u00e4t es sich m\u00f6glichst fr\u00fch Reisen zu buchen, um sich die besten Verf\u00fcgbarkeiten und die besten Preise zu sichern.\n<\/div>\n<hr>\n<p><a href=\"https:\/\/www.ihr-ferienpartner.de\/mobil\/dl-pauschal2\/?departures=MUC,NUE&amp;from=23.05.2026&amp;to=07.06.2026&amp;duration=7-7&amp;minRecommrate=70&amp;category=3\"><strong>Hier geht es zu allen verf\u00fcgbaren Reisezielen, mit:<\/strong><\/a><br \/>\n&#8211; 1 Woche in den Pfingstferien (Bayern)<br \/>\n&#8211; ab bayerischen Flughafen, z.B. ab M\u00fcnchen &#038; N\u00fcrnberg<br \/>\n&#8211; Unterk\u00fcnfte (ab Kat. 3) mit mind. 70% Weiterempfehlungsrate<br \/>\n<strong><a href=\"https:\/\/www.ihr-ferienpartner.de\/mobil\/dl-pauschal2\/?departures=MUC,NUE&amp;from=23.05.2026&amp;to=07.06.2026&amp;duration=7-7&amp;minRecommrate=70&amp;category=3\">zu den Angeboten &gt;&gt;<\/a><\/strong><\/p>\n<hr>\n<p><a href=\"https:\/\/www.ihr-ferienpartner.de\/mobil\/dl-pauschal2\/?departures=MUC,NUE&amp;from=23.05.2026&amp;to=07.06.2026&amp;duration=7-7&amp;minRecommrate=70&amp;category=3&amp;regionId=100000\"><strong>Balearische Inseln &gt;&gt;<\/strong><br \/>\n<img loading=\"lazy\" decoding=\"async\" src=\"https:\/\/www.ihr-ferienpartner.de\/Angebot\/Mallorca.jpg\" alt=\"Urlaub Mallorca Pfingsten\" width=\"886\" height=\"147\"><\/a><\/p>\n<hr>\n<p><a href=\"https:\/\/www.ihr-ferienpartner.de\/mobil\/dl-pauschal2\/?departures=MUC,NUE&amp;from=23.05.2026&amp;to=07.06.2026&amp;duration=7-7&amp;minRecommrate=70&amp;category=3&amp;regionId=100002\"><strong>Griechische Inseln &gt;&gt;<\/strong><br \/>\n<img loading=\"lazy\" decoding=\"async\" src=\"https:\/\/www.ihr-ferienpartner.de\/Angebot\/Kreta.jpg\" alt=\"Griechenland Pfingstferien\" width=\"886\" height=\"147\"><\/a><\/p>\n<hr>\n<p><a href=\"https:\/\/www.ihr-ferienpartner.de\/mobil\/dl-pauschal2\/?departures=MUC,NUE&amp;from=23.05.2026&amp;to=07.06.2026&amp;duration=7-7&amp;minRecommrate=70&amp;category=3&amp;regionId=149,144\"><strong>Tuerkei &#8211; Riviera &amp; \u00c4g\u00e4is &gt;&gt;<\/strong><br \/>\n<img loading=\"lazy\" decoding=\"async\" src=\"https:\/\/www.ihr-ferienpartner.de\/Angebot\/Tuerkei.jpg\" alt=\"T\u00fcrkei Pfingstferien an der t\u00fcrkischen Riviera oder \u00c4g\u00e4is\" width=\"886\" height=\"147\"><\/a><\/p>\n<hr>\n<p><a href=\"https:\/\/www.ihr-ferienpartner.de\/mobil\/dl-pauschal2\/?departures=MUC,NUE&amp;from=23.05.2026&amp;to=07.06.2026&amp;duration=7-7&amp;minRecommrate=70&amp;category=3&amp;regionId=725\"><strong>Portugal &gt;&gt;<\/strong><br \/>\n<img loading=\"lazy\" decoding=\"async\" src=\"https:\/\/www.ihr-ferienpartner.de\/Angebot\/Portugal.jpg\" alt=\"Portugal Pfingstferien\" width=\"886\" height=\"147\"><\/a><\/p>\n<hr>\n<p><strong><a href=\"https:\/\/www.ihr-ferienpartner.de\/mobil\/dl-pauschal2\/?departures=MUC,NUE&amp;from=23.05.2026&amp;to=07.06.2026&amp;duration=7-7&amp;minRecommrate=70&amp;category=3\">alle Regionen &amp; Hotels mit Verf\u00fcgbarkeiten ab M\u00fcnchen oder N\u00fcrnberg &gt;&gt;<\/a><\/strong><\/p>\n<hr>\n<p><img decoding=\"async\" src=\"https:\/\/www.ihr-ferienpartner.de\/Reisen\/Schulferien3.jpg\" alt=\"Schulferien Pfingstferien Bayern\"><\/p>\n<p><font color=\"b62b31\"><\/font><font color=\"b62b31\"><\/font><\/p>\n<\/div>\n","protected":false},"excerpt":{"rendered":"<p>Pfingstferien 2026 \u2013 ab Bayern, z.B. ab Flughafen M\u00fcnchen &#038; N\u00fcrnberg Rund um die Pfingstferien (Sa. 23.05. &#8211; So. 07.06.2026 f\u00fcr Bayern) bieten sich bereits viele L\u00e4nder und Inseln als ideale Reiseziele f\u00fcr einen sch\u00f6nen Urlaub an. Aufgrund der Beliebtheit des Reisetermins r\u00e4t es sich m\u00f6glichst fr\u00fch Reisen zu buchen, um sich die besten Verf\u00fcgbarkeiten [&hellip;]<\/p>\n","protected":false},"author":1,"featured_media":0,"parent":0,"menu_order":0,"comment_status":"closed","ping_status":"closed","template":"","meta":{"footnotes":""},"yoast_head":"<!-- This site is optimized with the Yoast SEO plugin v22.8 - https:\/\/yoast.com\/wordpress\/plugins\/seo\/ -->\n<title>Pfingstferien 2026 - Reisen ab M\u00fcnchen &amp; N\u00fcrnberg buchen<\/title>\n<meta name=\"description\" content=\"Fr\u00fchbucher &amp; Last Minute Urlaub in den Schulferien clever buchen: Preisvergleich, Bewertungen, flexible Terminauswahl, Wunschabflughafen.\" \/>\n<meta name=\"robots\" content=\"index, follow, max-snippet:-1, max-image-preview:large, max-video-preview:-1\" \/>\n<link rel=\"canonical\" href=\"https:\/\/www.ihr-ferienpartner.de\/mobil\/pfingstferien-ab-bayern\/\" \/>\n<meta property=\"og:locale\" content=\"de_DE\" \/>\n<meta property=\"og:type\" content=\"article\" \/>\n<meta property=\"og:title\" content=\"Pfingstferien 2026 - Reisen ab M\u00fcnchen &amp; N\u00fcrnberg buchen\" \/>\n<meta property=\"og:description\" content=\"Fr\u00fchbucher &amp; Last Minute Urlaub in den Schulferien clever buchen: Preisvergleich, Bewertungen, flexible Terminauswahl, Wunschabflughafen.\" \/>\n<meta property=\"og:url\" content=\"https:\/\/www.ihr-ferienpartner.de\/mobil\/pfingstferien-ab-bayern\/\" \/>\n<meta property=\"og:site_name\" content=\"FINDE DEIN SPONTANIEN - Reisen g\u00fcnstig buchen\" \/>\n<meta property=\"article:modified_time\" content=\"2025-09-01T10:59:22+00:00\" \/>\n<meta property=\"og:image\" content=\"https:\/\/www.ihr-ferienpartner.de\/Angebot\/Mallorca.jpg\" \/>\n<meta name=\"twitter:card\" content=\"summary_large_image\" \/>\n<meta name=\"twitter:label1\" content=\"Gesch\u00e4tzte Lesezeit\" \/>\n\t<meta name=\"twitter:data1\" content=\"2\u00a0Minuten\" \/>\n<script type=\"application\/ld+json\" class=\"yoast-schema-graph\">{\"@context\":\"https:\/\/schema.org\",\"@graph\":[{\"@type\":\"WebPage\",\"@id\":\"https:\/\/www.ihr-ferienpartner.de\/mobil\/pfingstferien-ab-bayern\/\",\"url\":\"https:\/\/www.ihr-ferienpartner.de\/mobil\/pfingstferien-ab-bayern\/\",\"name\":\"Pfingstferien 2026 - Reisen ab M\u00fcnchen & N\u00fcrnberg buchen\",\"isPartOf\":{\"@id\":\"https:\/\/www.ihr-ferienpartner.de\/mobil\/#website\"},\"primaryImageOfPage\":{\"@id\":\"https:\/\/www.ihr-ferienpartner.de\/mobil\/pfingstferien-ab-bayern\/#primaryimage\"},\"image\":{\"@id\":\"https:\/\/www.ihr-ferienpartner.de\/mobil\/pfingstferien-ab-bayern\/#primaryimage\"},\"thumbnailUrl\":\"https:\/\/www.ihr-ferienpartner.de\/Angebot\/Mallorca.jpg\",\"datePublished\":\"2025-09-01T10:58:32+00:00\",\"dateModified\":\"2025-09-01T10:59:22+00:00\",\"description\":\"Fr\u00fchbucher & Last Minute Urlaub in den Schulferien clever buchen: Preisvergleich, Bewertungen, flexible Terminauswahl, Wunschabflughafen.\",\"breadcrumb\":{\"@id\":\"https:\/\/www.ihr-ferienpartner.de\/mobil\/pfingstferien-ab-bayern\/#breadcrumb\"},\"inLanguage\":\"de\",\"potentialAction\":[{\"@type\":\"ReadAction\",\"target\":[\"https:\/\/www.ihr-ferienpartner.de\/mobil\/pfingstferien-ab-bayern\/\"]}]},{\"@type\":\"ImageObject\",\"inLanguage\":\"de\",\"@id\":\"https:\/\/www.ihr-ferienpartner.de\/mobil\/pfingstferien-ab-bayern\/#primaryimage\",\"url\":\"https:\/\/www.ihr-ferienpartner.de\/Angebot\/Mallorca.jpg\",\"contentUrl\":\"https:\/\/www.ihr-ferienpartner.de\/Angebot\/Mallorca.jpg\"},{\"@type\":\"BreadcrumbList\",\"@id\":\"https:\/\/www.ihr-ferienpartner.de\/mobil\/pfingstferien-ab-bayern\/#breadcrumb\",\"itemListElement\":[{\"@type\":\"ListItem\",\"position\":1,\"name\":\"Startseite\",\"item\":\"https:\/\/www.ihr-ferienpartner.de\/mobil\/\"},{\"@type\":\"ListItem\",\"position\":2,\"name\":\"Pfingstferien 2026 &#8211; ab bayerischen Flughafen, z.B. ab M\u00fcnchen &#038; N\u00fcrnberg\"}]},{\"@type\":\"WebSite\",\"@id\":\"https:\/\/www.ihr-ferienpartner.de\/mobil\/#website\",\"url\":\"https:\/\/www.ihr-ferienpartner.de\/mobil\/\",\"name\":\"FINDE DEIN SPONTANIEN - Reisen g\u00fcnstig buchen\",\"description\":\"Flugreisen im Preisvergleich mit flexiblen Terminen &amp; Abflughafen.\",\"publisher\":{\"@id\":\"https:\/\/www.ihr-ferienpartner.de\/mobil\/#organization\"},\"potentialAction\":[{\"@type\":\"SearchAction\",\"target\":{\"@type\":\"EntryPoint\",\"urlTemplate\":\"https:\/\/www.ihr-ferienpartner.de\/mobil\/?s={search_term_string}\"},\"query-input\":\"required name=search_term_string\"}],\"inLanguage\":\"de\"},{\"@type\":\"Organization\",\"@id\":\"https:\/\/www.ihr-ferienpartner.de\/mobil\/#organization\",\"name\":\"FINDE DEIN SPONTANIEN - Reisen g\u00fcnstig buchen\",\"url\":\"https:\/\/www.ihr-ferienpartner.de\/mobil\/\",\"logo\":{\"@type\":\"ImageObject\",\"inLanguage\":\"de\",\"@id\":\"https:\/\/www.ihr-ferienpartner.de\/mobil\/#\/schema\/logo\/image\/\",\"url\":\"https:\/\/www.ihr-ferienpartner.de\/mobil\/wp-content\/uploads\/2019\/10\/spontanien.jpg\",\"contentUrl\":\"https:\/\/www.ihr-ferienpartner.de\/mobil\/wp-content\/uploads\/2019\/10\/spontanien.jpg\",\"width\":818,\"height\":200,\"caption\":\"FINDE DEIN SPONTANIEN - Reisen g\u00fcnstig buchen\"},\"image\":{\"@id\":\"https:\/\/www.ihr-ferienpartner.de\/mobil\/#\/schema\/logo\/image\/\"}}]}<\/script>\n<!-- \/ Yoast SEO plugin. -->","yoast_head_json":{"title":"Pfingstferien 2026 - Reisen ab M\u00fcnchen & N\u00fcrnberg buchen","description":"Fr\u00fchbucher & Last Minute Urlaub in den Schulferien clever buchen: Preisvergleich, Bewertungen, flexible Terminauswahl, Wunschabflughafen.","robots":{"index":"index","follow":"follow","max-snippet":"max-snippet:-1","max-image-preview":"max-image-preview:large","max-video-preview":"max-video-preview:-1"},"canonical":"https:\/\/www.ihr-ferienpartner.de\/mobil\/pfingstferien-ab-bayern\/","og_locale":"de_DE","og_type":"article","og_title":"Pfingstferien 2026 - Reisen ab M\u00fcnchen & N\u00fcrnberg buchen","og_description":"Fr\u00fchbucher & Last Minute Urlaub in den Schulferien clever buchen: Preisvergleich, Bewertungen, flexible Terminauswahl, Wunschabflughafen.","og_url":"https:\/\/www.ihr-ferienpartner.de\/mobil\/pfingstferien-ab-bayern\/","og_site_name":"FINDE DEIN SPONTANIEN - Reisen g\u00fcnstig buchen","article_modified_time":"2025-09-01T10:59:22+00:00","og_image":[{"url":"https:\/\/www.ihr-ferienpartner.de\/Angebot\/Mallorca.jpg"}],"twitter_card":"summary_large_image","twitter_misc":{"Gesch\u00e4tzte Lesezeit":"2\u00a0Minuten"},"schema":{"@context":"https:\/\/schema.org","@graph":[{"@type":"WebPage","@id":"https:\/\/www.ihr-ferienpartner.de\/mobil\/pfingstferien-ab-bayern\/","url":"https:\/\/www.ihr-ferienpartner.de\/mobil\/pfingstferien-ab-bayern\/","name":"Pfingstferien 2026 - Reisen ab M\u00fcnchen & N\u00fcrnberg buchen","isPartOf":{"@id":"https:\/\/www.ihr-ferienpartner.de\/mobil\/#website"},"primaryImageOfPage":{"@id":"https:\/\/www.ihr-ferienpartner.de\/mobil\/pfingstferien-ab-bayern\/#primaryimage"},"image":{"@id":"https:\/\/www.ihr-ferienpartner.de\/mobil\/pfingstferien-ab-bayern\/#primaryimage"},"thumbnailUrl":"https:\/\/www.ihr-ferienpartner.de\/Angebot\/Mallorca.jpg","datePublished":"2025-09-01T10:58:32+00:00","dateModified":"2025-09-01T10:59:22+00:00","description":"Fr\u00fchbucher & Last Minute Urlaub in den Schulferien clever buchen: Preisvergleich, Bewertungen, flexible Terminauswahl, Wunschabflughafen.","breadcrumb":{"@id":"https:\/\/www.ihr-ferienpartner.de\/mobil\/pfingstferien-ab-bayern\/#breadcrumb"},"inLanguage":"de","potentialAction":[{"@type":"ReadAction","target":["https:\/\/www.ihr-ferienpartner.de\/mobil\/pfingstferien-ab-bayern\/"]}]},{"@type":"ImageObject","inLanguage":"de","@id":"https:\/\/www.ihr-ferienpartner.de\/mobil\/pfingstferien-ab-bayern\/#primaryimage","url":"https:\/\/www.ihr-ferienpartner.de\/Angebot\/Mallorca.jpg","contentUrl":"https:\/\/www.ihr-ferienpartner.de\/Angebot\/Mallorca.jpg"},{"@type":"BreadcrumbList","@id":"https:\/\/www.ihr-ferienpartner.de\/mobil\/pfingstferien-ab-bayern\/#breadcrumb","itemListElement":[{"@type":"ListItem","position":1,"name":"Startseite","item":"https:\/\/www.ihr-ferienpartner.de\/mobil\/"},{"@type":"ListItem","position":2,"name":"Pfingstferien 2026 &#8211; ab bayerischen Flughafen, z.B. ab M\u00fcnchen &#038; N\u00fcrnberg"}]},{"@type":"WebSite","@id":"https:\/\/www.ihr-ferienpartner.de\/mobil\/#website","url":"https:\/\/www.ihr-ferienpartner.de\/mobil\/","name":"FINDE DEIN SPONTANIEN - Reisen g\u00fcnstig buchen","description":"Flugreisen im Preisvergleich mit flexiblen Terminen &amp; Abflughafen.","publisher":{"@id":"https:\/\/www.ihr-ferienpartner.de\/mobil\/#organization"},"potentialAction":[{"@type":"SearchAction","target":{"@type":"EntryPoint","urlTemplate":"https:\/\/www.ihr-ferienpartner.de\/mobil\/?s={search_term_string}"},"query-input":"required name=search_term_string"}],"inLanguage":"de"},{"@type":"Organization","@id":"https:\/\/www.ihr-ferienpartner.de\/mobil\/#organization","name":"FINDE DEIN SPONTANIEN - Reisen g\u00fcnstig buchen","url":"https:\/\/www.ihr-ferienpartner.de\/mobil\/","logo":{"@type":"ImageObject","inLanguage":"de","@id":"https:\/\/www.ihr-ferienpartner.de\/mobil\/#\/schema\/logo\/image\/","url":"https:\/\/www.ihr-ferienpartner.de\/mobil\/wp-content\/uploads\/2019\/10\/spontanien.jpg","contentUrl":"https:\/\/www.ihr-ferienpartner.de\/mobil\/wp-content\/uploads\/2019\/10\/spontanien.jpg","width":818,"height":200,"caption":"FINDE DEIN SPONTANIEN - Reisen g\u00fcnstig buchen"},"image":{"@id":"https:\/\/www.ihr-ferienpartner.de\/mobil\/#\/schema\/logo\/image\/"}}]}},"_links":{"self":[{"href":"https:\/\/www.ihr-ferienpartner.de\/mobil\/wp-json\/wp\/v2\/pages\/5602"}],"collection":[{"href":"https:\/\/www.ihr-ferienpartner.de\/mobil\/wp-json\/wp\/v2\/pages"}],"about":[{"href":"https:\/\/www.ihr-ferienpartner.de\/mobil\/wp-json\/wp\/v2\/types\/page"}],"author":[{"embeddable":true,"href":"https:\/\/www.ihr-ferienpartner.de\/mobil\/wp-json\/wp\/v2\/users\/1"}],"replies":[{"embeddable":true,"href":"https:\/\/www.ihr-ferienpartner.de\/mobil\/wp-json\/wp\/v2\/comments?post=5602"}],"version-history":[{"count":2,"href":"https:\/\/www.ihr-ferienpartner.de\/mobil\/wp-json\/wp\/v2\/pages\/5602\/revisions"}],"predecessor-version":[{"id":5812,"href":"https:\/\/www.ihr-ferienpartner.de\/mobil\/wp-json\/wp\/v2\/pages\/5602\/revisions\/5812"}],"wp:attachment":[{"href":"https:\/\/www.ihr-ferienpartner.de\/mobil\/wp-json\/wp\/v2\/media?parent=5602"}],"curies":[{"name":"wp","href":"https:\/\/api.w.org\/{rel}","templated":true}]}}